{"id":269,"date":"2020-12-04T09:54:52","date_gmt":"2020-12-04T09:54:52","guid":{"rendered":"https:\/\/krsdigiarc.com\/building\/dfdsfds\/"},"modified":"2022-07-05T18:06:30","modified_gmt":"2022-07-05T18:06:30","slug":"287-1-122-1042","status":"publish","type":"building","link":"https:\/\/krsdigiarc.com\/fi\/building\/287-1-122-1042\/","title":{"rendered":"Kapteeni JG Parmanin talo"},"content":{"rendered":"\n<div class=\"wp-block-columns is-layout-flex wp-container-core-columns-is-layout-9d6595d7 wp-block-columns-is-layout-flex\">\n<div class=\"wp-block-column is-layout-flow wp-block-column-is-layout-flow\" style=\"flex-basis:66.66%\">\n<p>Merikapteeni <a href=\"https:\/\/krsdigiarc.com\/person\/carlstroms-bagarstuga-5\/\">Johan Gustav Parman<\/a> rakennutti talon vuonna 1853. H\u00e4n ja laivansa haaksirikkoutui Amerikan rannikolle 1871. Vuonna 1948 puhelinaluep\u00e4\u00e4llikk\u00f6 Birger Reinlund osti talon ja nyt taloa asuu Reinlundien toinen sukupolvi.<\/p>\n<\/div>\n\n\n\n<div class=\"wp-block-column is-layout-flow wp-block-column-is-layout-flow\" style=\"flex-basis:33.33%\">\n<figure class=\"wp-block-image size-large is-resized\"><img data-recalc-dims=\"1\" loading=\"lazy\" decoding=\"async\" src=\"https:\/\/i0.wp.com\/krsdigiarc.com\/wp-content\/uploads\/2021\/02\/kapten_parman_johan_gustav-1.png?resize=184%2C273&#038;ssl=1\" alt=\"\" class=\"wp-image-1272\" width=\"184\" height=\"273\" srcset=\"https:\/\/i0.wp.com\/krsdigiarc.com\/wp-content\/uploads\/2021\/02\/kapten_parman_johan_gustav-1.png?resize=690%2C1024&amp;ssl=1 690w, https:\/\/i0.wp.com\/krsdigiarc.com\/wp-content\/uploads\/2021\/02\/kapten_parman_johan_gustav-1.png?resize=202%2C300&amp;ssl=1 202w, https:\/\/i0.wp.com\/krsdigiarc.com\/wp-content\/uploads\/2021\/02\/kapten_parman_johan_gustav-1.png?resize=768%2C1139&amp;ssl=1 768w, https:\/\/i0.wp.com\/krsdigiarc.com\/wp-content\/uploads\/2021\/02\/kapten_parman_johan_gustav-1.png?resize=1036%2C1536&amp;ssl=1 1036w, https:\/\/i0.wp.com\/krsdigiarc.com\/wp-content\/uploads\/2021\/02\/kapten_parman_johan_gustav-1.png?w=1194&amp;ssl=1 1194w\" sizes=\"auto, (max-width: 184px) 100vw, 184px\" \/><\/figure>\n<\/div>\n<\/div>\n\n\n\n<h2 class=\"wp-block-heading\">Historiaa<\/h2>\n\n\n\n<div class=\"wp-block-columns is-layout-flex wp-container-core-columns-is-layout-9d6595d7 wp-block-columns-is-layout-flex\">\n<div class=\"wp-block-column is-layout-flow wp-block-column-is-layout-flow\" style=\"flex-basis:66.66%\">\n<p>Merikapteeni <a href=\"https:\/\/krsdigiarc.com\/person\/carlstroms-bagarstuga-5\/\">Johan Gustav Parman<\/a> rakennutti talon vuonna 1853 ja sen j\u00e4lkeen talossa asui Parmanin vaimo Agatha Elisabeth ja heid\u00e4n nelj\u00e4 lastaan, tytt\u00e4ret Hilda Elisabeth (Betty), Hilma ja Anna sek\u00e4 poikansa Gustav Adolf. <\/p>\n\n\n\n<p>Adolf muutti sittemmin Poriin, jossa meni naimisiin Ellen Sofia Palmrothin kanssa. Siskot puolestaan asuivat Parmanin talossa koko el\u00e4m\u00e4ns\u00e4.<\/p>\n\n\n\n<p>Johan Gustav haaksirikkoutui laivansa ja miehist\u00f6ns\u00e4 kanssa Amerikan rannikolla vuonna 1871. N\u00e4in ollen taloon j\u00e4iv\u00e4t leski Agatha sek\u00e4 tytt\u00e4ret, jotka el\u00e4ttiv\u00e4t itsens\u00e4 kauniin puutarhansa kukkien, yrttien ja mausteiden kasvattamisella ja myynnill\u00e4.<\/p>\n\n\n\n<p>El\u00e4m\u00e4 oli kovaa. Tytt\u00e4ret eiv\u00e4t kuitenkaan halunneet luopua kapteeninperheen elintasostaan, joten he j\u00e4rjestiv\u00e4t itselleen vilkkaan seurael\u00e4m\u00e4n kutsuineen. Yst\u00e4v\u00e4piiriin kuuluivat mm. Emmy Wendelin, Minna Hyd\u00e9n sek\u00e4 Karin Fontell. <\/p>\n<\/div>\n\n\n\n<div class=\"wp-block-column is-layout-flow wp-block-column-is-layout-flow\" style=\"flex-basis:33.33%\">\n<figure class=\"wp-block-image size-large is-resized\"><img data-recalc-dims=\"1\" loading=\"lazy\" decoding=\"async\" src=\"https:\/\/i0.wp.com\/krsdigiarc.com\/wp-content\/uploads\/2021\/02\/parman_betty_kstad_50ar_i_fattigvardens_tjanst-1.png?resize=186%2C310&#038;ssl=1\" alt=\"\" class=\"wp-image-1235\" width=\"186\" height=\"310\" srcset=\"https:\/\/i0.wp.com\/krsdigiarc.com\/wp-content\/uploads\/2021\/02\/parman_betty_kstad_50ar_i_fattigvardens_tjanst-1.png?resize=615%2C1024&amp;ssl=1 615w, https:\/\/i0.wp.com\/krsdigiarc.com\/wp-content\/uploads\/2021\/02\/parman_betty_kstad_50ar_i_fattigvardens_tjanst-1.png?resize=180%2C300&amp;ssl=1 180w, https:\/\/i0.wp.com\/krsdigiarc.com\/wp-content\/uploads\/2021\/02\/parman_betty_kstad_50ar_i_fattigvardens_tjanst-1.png?resize=768%2C1278&amp;ssl=1 768w, https:\/\/i0.wp.com\/krsdigiarc.com\/wp-content\/uploads\/2021\/02\/parman_betty_kstad_50ar_i_fattigvardens_tjanst-1.png?resize=923%2C1536&amp;ssl=1 923w, https:\/\/i0.wp.com\/krsdigiarc.com\/wp-content\/uploads\/2021\/02\/parman_betty_kstad_50ar_i_fattigvardens_tjanst-1.png?w=995&amp;ssl=1 995w\" sizes=\"auto, (max-width: 186px) 100vw, 186px\" \/><figcaption>Parman, Hilda Elisabeth (Betty). 50 vuotta k\u00f6yh\u00e4inavun palveluksessa. (Margaretha Reinlundin kokoelma)<\/figcaption><\/figure>\n\n\n\n<figure class=\"wp-block-image size-large is-resized\"><img data-recalc-dims=\"1\" loading=\"lazy\" decoding=\"async\" src=\"https:\/\/i0.wp.com\/krsdigiarc.com\/wp-content\/uploads\/2021\/02\/parman_anna-2.png?resize=187%2C327&#038;ssl=1\" alt=\"\" class=\"wp-image-1275\" width=\"187\" height=\"327\" srcset=\"https:\/\/i0.wp.com\/krsdigiarc.com\/wp-content\/uploads\/2021\/02\/parman_anna-2.png?resize=171%2C300&amp;ssl=1 171w, https:\/\/i0.wp.com\/krsdigiarc.com\/wp-content\/uploads\/2021\/02\/parman_anna-2.png?zoom=2&amp;resize=187%2C327&amp;ssl=1 374w, https:\/\/i0.wp.com\/krsdigiarc.com\/wp-content\/uploads\/2021\/02\/parman_anna-2.png?zoom=3&amp;resize=187%2C327&amp;ssl=1 561w\" sizes=\"auto, (max-width: 187px) 100vw, 187px\" \/><figcaption>Parman, Anna<\/figcaption><\/figure>\n<\/div>\n<\/div>\n\n\n\n<figure class=\"wp-block-image size-large is-resized\"><img data-recalc-dims=\"1\" loading=\"lazy\" decoding=\"async\" src=\"https:\/\/i0.wp.com\/krsdigiarc.com\/wp-content\/uploads\/2021\/02\/jul_hos_parmans.png?resize=483%2C285&#038;ssl=1\" alt=\"Jul hos Parmans\" class=\"wp-image-1280\" width=\"483\" height=\"285\" srcset=\"https:\/\/i0.wp.com\/krsdigiarc.com\/wp-content\/uploads\/2021\/02\/jul_hos_parmans.png?w=1007&amp;ssl=1 1007w, https:\/\/i0.wp.com\/krsdigiarc.com\/wp-content\/uploads\/2021\/02\/jul_hos_parmans.png?resize=300%2C177&amp;ssl=1 300w, https:\/\/i0.wp.com\/krsdigiarc.com\/wp-content\/uploads\/2021\/02\/jul_hos_parmans.png?resize=768%2C453&amp;ssl=1 768w\" sizes=\"auto, (max-width: 483px) 100vw, 483px\" \/><figcaption>Joulu Parmaneilla<\/figcaption><\/figure>\n\n\n\n<h1 class=\"wp-block-heading\">Rakennushistoria<\/h1>\n\n\n\n<p>Tontin alue on korttelissa, joka ei kuulunut viel\u00e4 Kristiinankaupungin ensimm\u00e4iseen asemakaavaan (v. 1652).<\/p>\n\n\n\n<p>Vuoden 1658 uudistetussa asemakaavassa alueelle on merkitty uusi kortteli ja sen tonteille omistajat. Tuolloin nykyinen kortteli jakautui viel\u00e4 kahdeksi erilliseksi kortteliksi, joita erotti toisistaan nykyisen Uusikadun kohdalla korttelin poikki kulkenut it\u00e4-l\u00e4nsi -suuntainen katulinja.<\/p>\n\n\n\n<p>Puutarhana olevan tontin kerrostumat ovat oletettavasti eritt\u00e4in hyvin s\u00e4ilyneit\u00e4. Tosin tontin pohjoisreunalla oleva kaivo ja siihen liittyv\u00e4t kaivantolinjat ovat luultavasti tuhonneet osan kerrostumista. <br><a href=\"https:\/\/krsdigiarc.com\/source\/kristiinankaupunki-kristinestad-kaupunkiarkeologinen-inventointi\/\">Kaupunkiarkeologinen inventointi 2001<\/a><\/p>\n\n\n\n<h3 class=\"wp-block-heading\">Palovakuutuskirja<\/h3>\n\n\n\n<div class=\"wp-block-columns is-layout-flex wp-container-core-columns-is-layout-9d6595d7 wp-block-columns-is-layout-flex\">\n<div class=\"wp-block-column is-layout-flow wp-block-column-is-layout-flow\" style=\"flex-basis:66.66%\">\n<p><strong>Palovakuutuskirja 3752 vuodelta 1855<\/strong><\/p>\n\n\n\n<p>Ote oheisesta kirjeest\u00e4:<\/p>\n\n\n\n<p><em>Hyv\u00e4ss\u00e4 kunnossa oleva m\u00e4nty- ja kuusihirsist\u00e4 vuonna 1852 pystytetty rakennus, jossa kuusi huonetta eli porstua, sali sek\u00e4 kolme kamaria, joissa nelj\u00e4 kaakeliuunia, sek\u00e4 keitti\u00f6 jossa liesi, leivinuuni ja syvennys.<\/em><\/p>\n\n\n\n<p><em>Kaikissa huoneissa \u00f6ljymaalattu jalkalista. Kaikissa huoneissa vesiv\u00e4rimaalatut tapetit.<\/em><\/p>\n\n\n\n<p><\/p>\n<\/div>\n\n\n\n<div class=\"wp-block-column is-layout-flow wp-block-column-is-layout-flow\" style=\"flex-basis:33.33%\">\n<figure class=\"wp-block-image size-large\"><a href=\"https:\/\/krsdigiarc.com\/wp-content\/uploads\/2021\/02\/brandforsakring_3752.pdf\"><img data-recalc-dims=\"1\" loading=\"lazy\" decoding=\"async\" width=\"684\" height=\"1024\" src=\"https:\/\/i0.wp.com\/krsdigiarc.com\/wp-content\/uploads\/2020\/12\/re_3752_1.png?resize=684%2C1024&#038;ssl=1\" alt=\"\" class=\"wp-image-1253\" srcset=\"https:\/\/i0.wp.com\/krsdigiarc.com\/wp-content\/uploads\/2020\/12\/re_3752_1.png?resize=684%2C1024&amp;ssl=1 684w, https:\/\/i0.wp.com\/krsdigiarc.com\/wp-content\/uploads\/2020\/12\/re_3752_1.png?resize=200%2C300&amp;ssl=1 200w, https:\/\/i0.wp.com\/krsdigiarc.com\/wp-content\/uploads\/2020\/12\/re_3752_1.png?resize=768%2C1150&amp;ssl=1 768w, https:\/\/i0.wp.com\/krsdigiarc.com\/wp-content\/uploads\/2020\/12\/re_3752_1.png?resize=1026%2C1536&amp;ssl=1 1026w, https:\/\/i0.wp.com\/krsdigiarc.com\/wp-content\/uploads\/2020\/12\/re_3752_1.png?w=1167&amp;ssl=1 1167w\" sizes=\"auto, (max-width: 684px) 100vw, 684px\" \/><\/a><figcaption>Palovakuutuskirje 3752, Talo I\/42<\/figcaption><\/figure>\n\n\n\n<figure class=\"wp-block-image size-large\"><img data-recalc-dims=\"1\" loading=\"lazy\" decoding=\"async\" width=\"712\" height=\"1024\" src=\"https:\/\/i0.wp.com\/krsdigiarc.com\/wp-content\/uploads\/2021\/02\/re_3752_9_ritning.png?resize=712%2C1024&#038;ssl=1\" alt=\"\" class=\"wp-image-1263\" srcset=\"https:\/\/i0.wp.com\/krsdigiarc.com\/wp-content\/uploads\/2021\/02\/re_3752_9_ritning.png?resize=712%2C1024&amp;ssl=1 712w, https:\/\/i0.wp.com\/krsdigiarc.com\/wp-content\/uploads\/2021\/02\/re_3752_9_ritning.png?resize=209%2C300&amp;ssl=1 209w, https:\/\/i0.wp.com\/krsdigiarc.com\/wp-content\/uploads\/2021\/02\/re_3752_9_ritning.png?resize=768%2C1105&amp;ssl=1 768w, https:\/\/i0.wp.com\/krsdigiarc.com\/wp-content\/uploads\/2021\/02\/re_3752_9_ritning.png?resize=1068%2C1536&amp;ssl=1 1068w, https:\/\/i0.wp.com\/krsdigiarc.com\/wp-content\/uploads\/2021\/02\/re_3752_9_ritning.png?w=1216&amp;ssl=1 1216w\" sizes=\"auto, (max-width: 712px) 100vw, 712px\" \/><\/figure>\n<\/div>\n<\/div>\n\n\n\n<h4 class=\"wp-block-heading\" id=\"byggnadsiventering-\u00e5r-1967\">Vuoden <a href=\"https:\/\/krsdigiarc.com\/source\/kristiinankaupunki-taiteellinen-ja-historiallinen-inventointi\/\">1967<\/a> rakennusinventointi<\/h4>\n\n\n\n<ol class=\"wp-block-list\"><li>Asuinrakennus, jossa sile\u00e4 p\u00e4\u00e4ty, ensisijaisesti sile\u00e4 vaakapaneeli, valmattu katto. A, MB<\/li><li> Ulkorakennus, ristikkopaneeli. A<\/li><\/ol>\n\n\n\n<h1 class=\"wp-block-heading\">Omistajia ja asukkaita<\/h1>\n\n\n\n<div class=\"wp-block-columns is-layout-flex wp-container-core-columns-is-layout-9d6595d7 wp-block-columns-is-layout-flex\">\n<div class=\"wp-block-column is-layout-flow wp-block-column-is-layout-flow\" style=\"flex-basis:66.66%\">\n<p><strong>1853<\/strong><br>Merikapteeni <a href=\"https:\/\/krsdigiarc.com\/person\/carlstroms-bagarstuga-5\/\">Johan Gustav Parman<\/a> rakennutti talon<\/p>\n\n\n\n<p><strong>1875<\/strong><br>Leski Agatha Parman, lapset Hilda, Hilma, ottotyt\u00e4r Thekla R\u00f6sgren, Piika<\/p>\n\n\n\n<p><strong>1948<\/strong><br>Telealuep\u00e4\u00e4llikk\u00f6 Birger Reinlund osti talon<\/p>\n<\/div>\n\n\n\n<div class=\"wp-block-column is-layout-flow wp-block-column-is-layout-flow\" style=\"flex-basis:33.33%\">\n<figure class=\"wp-block-image size-large\"><a href=\"https:\/\/i0.wp.com\/krsdigiarc.com\/wp-content\/uploads\/2021\/02\/image-2.png?ssl=1\"><img data-recalc-dims=\"1\" loading=\"lazy\" decoding=\"async\" width=\"1024\" height=\"83\" src=\"https:\/\/i0.wp.com\/krsdigiarc.com\/wp-content\/uploads\/2021\/02\/image-2.png?resize=1024%2C83&#038;ssl=1\" alt=\"\" class=\"wp-image-1094\" srcset=\"https:\/\/i0.wp.com\/krsdigiarc.com\/wp-content\/uploads\/2021\/02\/image-2.png?resize=1024%2C83&amp;ssl=1 1024w, https:\/\/i0.wp.com\/krsdigiarc.com\/wp-content\/uploads\/2021\/02\/image-2.png?resize=300%2C24&amp;ssl=1 300w, https:\/\/i0.wp.com\/krsdigiarc.com\/wp-content\/uploads\/2021\/02\/image-2.png?resize=768%2C62&amp;ssl=1 768w, https:\/\/i0.wp.com\/krsdigiarc.com\/wp-content\/uploads\/2021\/02\/image-2.png?resize=1536%2C125&amp;ssl=1 1536w, https:\/\/i0.wp.com\/krsdigiarc.com\/wp-content\/uploads\/2021\/02\/image-2.png?w=1589&amp;ssl=1 1589w\" sizes=\"auto, (max-width: 1024px) 100vw, 1024px\" \/><\/a><figcaption>Vuoden 1865 v\u00e4est\u00f6nlaskenta<\/figcaption><\/figure>\n\n\n\n<p><\/p>\n\n\n\n<p><\/p>\n<\/div>\n<\/div>\n\n\n\n<p><\/p>\n\n\n\n<p>L\u00e4hteet: &#8220;Fr\u00f6knarna Parmans receptbok&#8221;, Margareta Reinlund, Monica Sir\u00e9n<br>Tiedot koostanut Dag Bj\u00f6rklund<\/p>\n\n\n\n<p><\/p>\n","protected":false},"featured_media":1229,"parent":0,"menu_order":0,"template":"","street":[28],"class_list":["post-269","building","type-building","status-publish","has-post-thumbnail","hentry","street-itainen_pitkakatu","has-thumb"],"acf":[],"aioseo_notices":[],"jetpack_sharing_enabled":true,"_links":{"self":[{"href":"https:\/\/krsdigiarc.com\/fi\/wp-json\/wp\/v2\/building\/269","targetHints":{"allow":["GET"]}}],"collection":[{"href":"https:\/\/krsdigiarc.com\/fi\/wp-json\/wp\/v2\/building"}],"about":[{"href":"https:\/\/krsdigiarc.com\/fi\/wp-json\/wp\/v2\/types\/building"}],"version-history":[{"count":4,"href":"https:\/\/krsdigiarc.com\/fi\/wp-json\/wp\/v2\/building\/269\/revisions"}],"predecessor-version":[{"id":4613,"href":"https:\/\/krsdigiarc.com\/fi\/wp-json\/wp\/v2\/building\/269\/revisions\/4613"}],"wp:featuredmedia":[{"embeddable":true,"href":"https:\/\/krsdigiarc.com\/fi\/wp-json\/wp\/v2\/media\/1229"}],"wp:attachment":[{"href":"https:\/\/krsdigiarc.com\/fi\/wp-json\/wp\/v2\/media?parent=269"}],"wp:term":[{"taxonomy":"street","embeddable":true,"href":"https:\/\/krsdigiarc.com\/fi\/wp-json\/wp\/v2\/street?post=269"}],"curies":[{"name":"wp","href":"https:\/\/api.w.org\/{rel}","templated":true}]}}