{"id":19060,"date":"2023-11-16T18:04:50","date_gmt":"2023-11-16T18:04:50","guid":{"rendered":"https:\/\/krsdigiarc.com\/building\/287-2-249-10\/"},"modified":"2025-08-03T11:10:54","modified_gmt":"2025-08-03T11:10:54","slug":"287-2-249-10","status":"publish","type":"building","link":"https:\/\/krsdigiarc.com\/en\/building\/287-2-249-10\/","title":{"rendered":"Carl Emil Carlstr\u00f6ms g\u00e5rd"},"content":{"rendered":"\n<p class=\"\">Husets f\u00f6rsta del byggdes \u00e5r 1804,&nbsp; br\u00e4dfodrades 1824 och byggdes till f\u00f6rsta g\u00e5ngen \u00e5r 1833, d\u00e5 det \u00e4gdes av <a href=\"https:\/\/krsdigiarc.com\/person\/starcke-henrik-gottfrid\/\" title=\"Starcke, Henrik Gottfrid\">Gottfrid Starcke<\/a> med hustru Maria Rebecca.<\/p>\n\n\n\n<p class=\"\">Efter att <a href=\"https:\/\/krsdigiarc.com\/person\/carlstrom-carl-emil\/\" title=\"Carlstr\u00f6m, Carl Emil\">Carl Emil Carlstr\u00f6m<\/a>s (som \u00e4ven \u00e4gde bl.a. Carlso) g\u00e5rd p\u00e5 nuvarande kyrkotomten hade f\u00f6rst\u00f6rts i den stora branden \u00e5r 1859, k\u00f6pte han detta hus. Under Carlstr\u00f6ms tid renoverades huset och byggdes till.&nbsp;&nbsp;<\/p>\n\n\n\n<p class=\"\">Huset revs 1965 av byggm\u00e4stare Thure Nygren.<\/p>\n\n\n\n<p class=\"\">F\u00f6re rivningen fanns i huset inhyst fr\u00e5n norr: \u201dNaftalinboden\u201d i folkmun, en butik med garn och tyger, som luktade naftalin (anv\u00e4ndes mot mal), Marta Nordlunds fris\u00f6rsalong och Mj\u00f6lkcentralen som s\u00e5lde mj\u00f6lk, sm\u00f6r, gr\u00e4dde mm. I \u00f6vre v\u00e5ningen fanns bost\u00e4der<\/p>\n\n\n\n<p class=\"\"><\/p>\n\n\n\n<div class=\"wp-block-columns is-layout-flex wp-container-core-columns-is-layout-9d6595d7 wp-block-columns-is-layout-flex\">\n<div class=\"wp-block-column is-layout-flow wp-block-column-is-layout-flow\" style=\"flex-basis:66.66%\">\n<h2 class=\"wp-block-heading\">Byggnadshistoria<\/h2>\n\n\n\n<p class=\"\">Byggnaderna \u00e5r 1834 enligt brandf\u00f6rs\u00e4kringsbrevet och planteckningen l\u00e4ngre ner var.<\/p>\n\n\n\n<ol class=\"wp-block-list\">\n<li class=\"\">En tr\u00e4byggnad af furu timmer i godt st\u00e5nd af nytt timmer uppf\u00f6rd \u00e5r 1804 af 2 v\u00e5ningar br\u00e4dfodrad \u00e5r 1824 och sedermera med nytt grantimmer tillbyggd \u00e5r 1833. M\u00e5lad med dels olje och dels r\u00f6df\u00e4rg. Best\u00e5ende av 8 rum i nedre v\u00e5ningen <\/li>\n<\/ol>\n\n\n\n<p class=\"\"><\/p>\n\n\n\n<figure class=\"wp-block-image size-full\"><img data-recalc-dims=\"1\" loading=\"lazy\" decoding=\"async\" width=\"774\" height=\"875\" src=\"https:\/\/i0.wp.com\/krsdigiarc.com\/wp-content\/uploads\/2023\/11\/image-6.png?resize=774%2C875&#038;ssl=1\" alt=\"\" class=\"wp-image-18936\" srcset=\"https:\/\/i0.wp.com\/krsdigiarc.com\/wp-content\/uploads\/2023\/11\/image-6.png?w=774&amp;ssl=1 774w, https:\/\/i0.wp.com\/krsdigiarc.com\/wp-content\/uploads\/2023\/11\/image-6.png?resize=265%2C300&amp;ssl=1 265w, https:\/\/i0.wp.com\/krsdigiarc.com\/wp-content\/uploads\/2023\/11\/image-6.png?resize=768%2C868&amp;ssl=1 768w, https:\/\/i0.wp.com\/krsdigiarc.com\/wp-content\/uploads\/2023\/11\/image-6.png?resize=442%2C500&amp;ssl=1 442w\" sizes=\"auto, (max-width: 774px) 100vw, 774px\" \/><figcaption class=\"wp-element-caption\">Planteckning af \u00e5byggnadernes l\u00e4ge \u00e5 undertecknads \u00e4gande g\u00e5rd No 129 i Christinestad, samt dertill gr\u00e4nsande hus. Brandf\u00f6rs\u00e4kringsbrevet fr\u00e5n 1834<\/figcaption><\/figure>\n\n\n\n<figure class=\"wp-block-image size-full\"><img loading=\"lazy\" decoding=\"async\" width=\"1008\" height=\"595\" src=\"https:\/\/i0.wp.com\/krsdigiarc.com\/wp-content\/uploads\/2023\/11\/image-7.png?fit=1008%2C595&amp;ssl=1\" alt=\"\" class=\"wp-image-18951\" srcset=\"https:\/\/i0.wp.com\/krsdigiarc.com\/wp-content\/uploads\/2023\/11\/image-7.png?w=1008&amp;ssl=1 1008w, https:\/\/i0.wp.com\/krsdigiarc.com\/wp-content\/uploads\/2023\/11\/image-7.png?resize=300%2C177&amp;ssl=1 300w, https:\/\/i0.wp.com\/krsdigiarc.com\/wp-content\/uploads\/2023\/11\/image-7.png?resize=768%2C453&amp;ssl=1 768w, https:\/\/i0.wp.com\/krsdigiarc.com\/wp-content\/uploads\/2023\/11\/image-7.png?resize=500%2C295&amp;ssl=1 500w\" sizes=\"auto, (max-width: 1008px) 100vw, 1008px\" \/><\/figure>\n\n\n\n<figure class=\"wp-block-image size-full\"><img loading=\"lazy\" decoding=\"async\" width=\"877\" height=\"520\" src=\"https:\/\/i0.wp.com\/krsdigiarc.com\/wp-content\/uploads\/2023\/11\/image-8.png?fit=877%2C520&amp;ssl=1\" alt=\"\" class=\"wp-image-18958\" srcset=\"https:\/\/i0.wp.com\/krsdigiarc.com\/wp-content\/uploads\/2023\/11\/image-8.png?w=877&amp;ssl=1 877w, https:\/\/i0.wp.com\/krsdigiarc.com\/wp-content\/uploads\/2023\/11\/image-8.png?resize=300%2C178&amp;ssl=1 300w, https:\/\/i0.wp.com\/krsdigiarc.com\/wp-content\/uploads\/2023\/11\/image-8.png?resize=768%2C455&amp;ssl=1 768w, https:\/\/i0.wp.com\/krsdigiarc.com\/wp-content\/uploads\/2023\/11\/image-8.png?resize=500%2C296&amp;ssl=1 500w\" sizes=\"auto, (max-width: 877px) 100vw, 877px\" \/><\/figure>\n\n\n\n<h2 class=\"wp-block-heading\">\u00c4gare och inv\u00e5nare<\/h2>\n\n\n\n<p class=\"\">\u00c4gare enligt brandf\u00f6rs\u00e4kringsbreven<\/p>\n\n\n\n<p class=\"\"><strong>1834-1840<\/strong><br>Gottfrid Starcke \u00e4ger g\u00e5rden<\/p>\n\n\n\n<p class=\"\"><\/p>\n\n\n\n<p class=\"\"><strong>1846-1856<\/strong><br>G\u00e5rden har \u00f6vertagits av herr handelsmannen H.O Fontell<\/p>\n\n\n\n<p class=\"\"><strong>1861-1866<\/strong><br>Handlanden Carl Emil  Carlstr\u00f6m<\/p>\n\n\n\n<p class=\"\"><strong>1891<\/strong><br>Kommerser\u00e5de Carl Emil Carlstr\u00f6ms arvingar<\/p>\n<\/div>\n\n\n\n<div class=\"wp-block-column is-layout-flow wp-block-column-is-layout-flow\" style=\"flex-basis:33.33%\">\n<figure class=\"wp-block-image size-large\"><a href=\"https:\/\/krsdigiarc.com\/wp-content\/uploads\/2024\/10\/121_KVARTER_3_TOMT_129_AR_1834-1.pdf\"><img data-recalc-dims=\"1\" loading=\"lazy\" decoding=\"async\" width=\"696\" height=\"1024\" src=\"https:\/\/i0.wp.com\/krsdigiarc.com\/wp-content\/uploads\/2024\/10\/121_KVARTER_3_TOMT_129_AR_1834.jpg?resize=696%2C1024&#038;ssl=1\" alt=\"\" class=\"wp-image-14007\" srcset=\"https:\/\/i0.wp.com\/krsdigiarc.com\/wp-content\/uploads\/2024\/10\/121_KVARTER_3_TOMT_129_AR_1834.jpg?resize=696%2C1024&amp;ssl=1 696w, https:\/\/i0.wp.com\/krsdigiarc.com\/wp-content\/uploads\/2024\/10\/121_KVARTER_3_TOMT_129_AR_1834.jpg?resize=204%2C300&amp;ssl=1 204w, https:\/\/i0.wp.com\/krsdigiarc.com\/wp-content\/uploads\/2024\/10\/121_KVARTER_3_TOMT_129_AR_1834.jpg?resize=768%2C1130&amp;ssl=1 768w, https:\/\/i0.wp.com\/krsdigiarc.com\/wp-content\/uploads\/2024\/10\/121_KVARTER_3_TOMT_129_AR_1834.jpg?resize=340%2C500&amp;ssl=1 340w, https:\/\/i0.wp.com\/krsdigiarc.com\/wp-content\/uploads\/2024\/10\/121_KVARTER_3_TOMT_129_AR_1834.jpg?w=900&amp;ssl=1 900w\" sizes=\"auto, (max-width: 696px) 100vw, 696px\" \/><\/a><figcaption class=\"wp-element-caption\">Brandf\u00f6rs\u00e4kringsbrev N:o 121 fr\u00e5n \u00e5r 1834 \u00e5 g\u00e5rden 129 i tredje qvarteret af staden Christinestad<\/figcaption><\/figure>\n\n\n\n<figure class=\"wp-block-image size-large\"><a href=\"https:\/\/krsdigiarc.com\/wp-content\/uploads\/2024\/07\/4473_KVARTER_3_TOMT_129_AR_1861.pdf\"><img data-recalc-dims=\"1\" loading=\"lazy\" decoding=\"async\" width=\"685\" height=\"1024\" src=\"https:\/\/i0.wp.com\/krsdigiarc.com\/wp-content\/uploads\/2024\/07\/4473_KVARTER_3_TOMT_129_AR_1861.jpg?resize=685%2C1024&#038;ssl=1\" alt=\"\" class=\"wp-image-12275\" srcset=\"https:\/\/i0.wp.com\/krsdigiarc.com\/wp-content\/uploads\/2024\/07\/4473_KVARTER_3_TOMT_129_AR_1861.jpg?resize=685%2C1024&amp;ssl=1 685w, https:\/\/i0.wp.com\/krsdigiarc.com\/wp-content\/uploads\/2024\/07\/4473_KVARTER_3_TOMT_129_AR_1861.jpg?resize=201%2C300&amp;ssl=1 201w, https:\/\/i0.wp.com\/krsdigiarc.com\/wp-content\/uploads\/2024\/07\/4473_KVARTER_3_TOMT_129_AR_1861.jpg?resize=768%2C1149&amp;ssl=1 768w, https:\/\/i0.wp.com\/krsdigiarc.com\/wp-content\/uploads\/2024\/07\/4473_KVARTER_3_TOMT_129_AR_1861.jpg?resize=334%2C500&amp;ssl=1 334w, https:\/\/i0.wp.com\/krsdigiarc.com\/wp-content\/uploads\/2024\/07\/4473_KVARTER_3_TOMT_129_AR_1861.jpg?w=900&amp;ssl=1 900w\" sizes=\"auto, (max-width: 685px) 100vw, 685px\" \/><\/a><figcaption class=\"wp-element-caption\">Brandf\u00f6rs\u00e4kringsbrev N:o 4473 fr\u00e5n \u00e5r 1861 \u00e5 g\u00e5rden 3 i tredje qvarteret af staden Christinestad<\/figcaption><\/figure>\n\n\n\n<figure class=\"wp-block-image size-large\"><a href=\"https:\/\/krsdigiarc.com\/wp-content\/uploads\/2025\/07\/29295_KVARTER_3_TOMT_129_AR_1920-3.pdf\"><img data-recalc-dims=\"1\" loading=\"lazy\" decoding=\"async\" width=\"1024\" height=\"819\" src=\"https:\/\/i0.wp.com\/krsdigiarc.com\/wp-content\/uploads\/2025\/07\/29295_KVARTER_3_TOMT_129_AR_1920-3.jpg?resize=1024%2C819&#038;ssl=1\" alt=\"\" class=\"wp-image-22974\" srcset=\"https:\/\/i0.wp.com\/krsdigiarc.com\/wp-content\/uploads\/2025\/07\/29295_KVARTER_3_TOMT_129_AR_1920-3.jpg?resize=1024%2C819&amp;ssl=1 1024w, https:\/\/i0.wp.com\/krsdigiarc.com\/wp-content\/uploads\/2025\/07\/29295_KVARTER_3_TOMT_129_AR_1920-3.jpg?resize=300%2C240&amp;ssl=1 300w, https:\/\/i0.wp.com\/krsdigiarc.com\/wp-content\/uploads\/2025\/07\/29295_KVARTER_3_TOMT_129_AR_1920-3.jpg?resize=768%2C614&amp;ssl=1 768w, https:\/\/i0.wp.com\/krsdigiarc.com\/wp-content\/uploads\/2025\/07\/29295_KVARTER_3_TOMT_129_AR_1920-3.jpg?resize=500%2C400&amp;ssl=1 500w, https:\/\/i0.wp.com\/krsdigiarc.com\/wp-content\/uploads\/2025\/07\/29295_KVARTER_3_TOMT_129_AR_1920-3.jpg?w=1125&amp;ssl=1 1125w\" sizes=\"auto, (max-width: 1024px) 100vw, 1024px\" \/><\/a><figcaption class=\"wp-element-caption\">Brandf\u00f6rs\u00e4kringsbrev N:o 29295 fr\u00e5n \u00e5r 1920 \u00e5 g\u00e5rden 129 i tredje qvarteret af staden Christinestad<\/figcaption><\/figure>\n\n\n\n<figure class=\"wp-block-image size-large\"><a href=\"https:\/\/krsdigiarc.com\/wp-content\/uploads\/2025\/07\/29295_KVARTER_3_TOMT_129_AR_1910-3.pdf\"><img data-recalc-dims=\"1\" loading=\"lazy\" decoding=\"async\" width=\"657\" height=\"1024\" src=\"https:\/\/i0.wp.com\/krsdigiarc.com\/wp-content\/uploads\/2025\/07\/29295_KVARTER_3_TOMT_129_AR_1910-3.jpg?resize=657%2C1024&#038;ssl=1\" alt=\"\" class=\"wp-image-22966\" srcset=\"https:\/\/i0.wp.com\/krsdigiarc.com\/wp-content\/uploads\/2025\/07\/29295_KVARTER_3_TOMT_129_AR_1910-3.jpg?resize=657%2C1024&amp;ssl=1 657w, https:\/\/i0.wp.com\/krsdigiarc.com\/wp-content\/uploads\/2025\/07\/29295_KVARTER_3_TOMT_129_AR_1910-3.jpg?resize=193%2C300&amp;ssl=1 193w, https:\/\/i0.wp.com\/krsdigiarc.com\/wp-content\/uploads\/2025\/07\/29295_KVARTER_3_TOMT_129_AR_1910-3.jpg?resize=768%2C1196&amp;ssl=1 768w, https:\/\/i0.wp.com\/krsdigiarc.com\/wp-content\/uploads\/2025\/07\/29295_KVARTER_3_TOMT_129_AR_1910-3.jpg?resize=321%2C500&amp;ssl=1 321w, https:\/\/i0.wp.com\/krsdigiarc.com\/wp-content\/uploads\/2025\/07\/29295_KVARTER_3_TOMT_129_AR_1910-3.jpg?w=900&amp;ssl=1 900w\" sizes=\"auto, (max-width: 657px) 100vw, 657px\" \/><\/a><figcaption class=\"wp-element-caption\">Brandf\u00f6rs\u00e4kringsbrev N:o 29295 fr\u00e5n \u00e5r 1910 \u00e5 g\u00e5rden 129 i tredje qvarteret af staden Christinestad<\/figcaption><\/figure>\n\n\n\n<figure class=\"wp-block-image size-large\"><a href=\"https:\/\/krsdigiarc.com\/wp-content\/uploads\/2025\/07\/23037_KVARTER_3_TOMT_129_AR_1922-2.pdf\"><img data-recalc-dims=\"1\" loading=\"lazy\" decoding=\"async\" width=\"650\" height=\"1024\" src=\"https:\/\/i0.wp.com\/krsdigiarc.com\/wp-content\/uploads\/2025\/07\/23037_KVARTER_3_TOMT_129_AR_1922-3.jpg?resize=650%2C1024&#038;ssl=1\" alt=\"\" class=\"wp-image-25674\" srcset=\"https:\/\/i0.wp.com\/krsdigiarc.com\/wp-content\/uploads\/2025\/07\/23037_KVARTER_3_TOMT_129_AR_1922-3.jpg?resize=650%2C1024&amp;ssl=1 650w, https:\/\/i0.wp.com\/krsdigiarc.com\/wp-content\/uploads\/2025\/07\/23037_KVARTER_3_TOMT_129_AR_1922-3.jpg?resize=190%2C300&amp;ssl=1 190w, https:\/\/i0.wp.com\/krsdigiarc.com\/wp-content\/uploads\/2025\/07\/23037_KVARTER_3_TOMT_129_AR_1922-3.jpg?resize=768%2C1210&amp;ssl=1 768w, https:\/\/i0.wp.com\/krsdigiarc.com\/wp-content\/uploads\/2025\/07\/23037_KVARTER_3_TOMT_129_AR_1922-3.jpg?resize=975%2C1536&amp;ssl=1 975w, https:\/\/i0.wp.com\/krsdigiarc.com\/wp-content\/uploads\/2025\/07\/23037_KVARTER_3_TOMT_129_AR_1922-3.jpg?resize=1300%2C2048&amp;ssl=1 1300w, https:\/\/i0.wp.com\/krsdigiarc.com\/wp-content\/uploads\/2025\/07\/23037_KVARTER_3_TOMT_129_AR_1922-3.jpg?resize=317%2C500&amp;ssl=1 317w, https:\/\/i0.wp.com\/krsdigiarc.com\/wp-content\/uploads\/2025\/07\/23037_KVARTER_3_TOMT_129_AR_1922-3.jpg?w=2880&amp;ssl=1 2880w\" sizes=\"auto, (max-width: 650px) 100vw, 650px\" \/><\/a><figcaption class=\"wp-element-caption\">Brandf\u00f6rs\u00e4kringsbrev N:o 23037 fr\u00e5n \u00e5r 1922 \u00e5 g\u00e5rden 129 i tredje qvarteret af staden Christinestad<\/figcaption><\/figure>\n<\/div>\n<\/div>\n\n\n\n<figure class=\"wp-block-image size-large\"><a href=\"https:\/\/i0.wp.com\/krsdigiarc.com\/wp-content\/uploads\/2023\/09\/KVARTER_3_TOMT_129_AR_1914-1024x830.jpg?ssl=1\"><img data-recalc-dims=\"1\" loading=\"lazy\" decoding=\"async\" width=\"1024\" height=\"830\" src=\"https:\/\/i0.wp.com\/krsdigiarc.com\/wp-content\/uploads\/2023\/09\/KVARTER_3_TOMT_129_AR_1914.jpg?resize=1024%2C830&#038;ssl=1\" alt=\"\" class=\"wp-image-9913\" srcset=\"https:\/\/i0.wp.com\/krsdigiarc.com\/wp-content\/uploads\/2023\/09\/KVARTER_3_TOMT_129_AR_1914.jpg?resize=1024%2C830&amp;ssl=1 1024w, https:\/\/i0.wp.com\/krsdigiarc.com\/wp-content\/uploads\/2023\/09\/KVARTER_3_TOMT_129_AR_1914.jpg?resize=300%2C243&amp;ssl=1 300w, https:\/\/i0.wp.com\/krsdigiarc.com\/wp-content\/uploads\/2023\/09\/KVARTER_3_TOMT_129_AR_1914.jpg?resize=768%2C623&amp;ssl=1 768w, https:\/\/i0.wp.com\/krsdigiarc.com\/wp-content\/uploads\/2023\/09\/KVARTER_3_TOMT_129_AR_1914.jpg?resize=1536%2C1246&amp;ssl=1 1536w, https:\/\/i0.wp.com\/krsdigiarc.com\/wp-content\/uploads\/2023\/09\/KVARTER_3_TOMT_129_AR_1914.jpg?resize=2048%2C1661&amp;ssl=1 2048w, https:\/\/i0.wp.com\/krsdigiarc.com\/wp-content\/uploads\/2023\/09\/KVARTER_3_TOMT_129_AR_1914.jpg?resize=500%2C405&amp;ssl=1 500w, https:\/\/i0.wp.com\/krsdigiarc.com\/wp-content\/uploads\/2023\/09\/KVARTER_3_TOMT_129_AR_1914.jpg?w=2880&amp;ssl=1 2880w, https:\/\/i0.wp.com\/krsdigiarc.com\/wp-content\/uploads\/2023\/09\/KVARTER_3_TOMT_129_AR_1914.jpg?w=4320&amp;ssl=1 4320w\" sizes=\"auto, (max-width: 1024px) 100vw, 1024px\" \/><\/a><figcaption class=\"wp-element-caption\">Piirusuts osasta taloa ja tonttia no 129 t\u00e4ss\u00e4 kaupungissa Kristiina 14 p:n\u00e4 elok. 1914<\/figcaption><\/figure>\n\n\n\n<figure class=\"wp-block-image size-large\"><a href=\"https:\/\/i0.wp.com\/krsdigiarc.com\/wp-content\/uploads\/2023\/09\/KVARTER_3_TOMT_129_1920-1024x678.jpg?ssl=1\"><img data-recalc-dims=\"1\" loading=\"lazy\" decoding=\"async\" width=\"1024\" height=\"678\" src=\"https:\/\/i0.wp.com\/krsdigiarc.com\/wp-content\/uploads\/2023\/09\/KVARTER_3_TOMT_129_1920.jpg?resize=1024%2C678&#038;ssl=1\" alt=\"\" class=\"wp-image-9916\" srcset=\"https:\/\/i0.wp.com\/krsdigiarc.com\/wp-content\/uploads\/2023\/09\/KVARTER_3_TOMT_129_1920.jpg?resize=1024%2C678&amp;ssl=1 1024w, https:\/\/i0.wp.com\/krsdigiarc.com\/wp-content\/uploads\/2023\/09\/KVARTER_3_TOMT_129_1920.jpg?resize=300%2C199&amp;ssl=1 300w, https:\/\/i0.wp.com\/krsdigiarc.com\/wp-content\/uploads\/2023\/09\/KVARTER_3_TOMT_129_1920.jpg?resize=768%2C508&amp;ssl=1 768w, https:\/\/i0.wp.com\/krsdigiarc.com\/wp-content\/uploads\/2023\/09\/KVARTER_3_TOMT_129_1920.jpg?resize=1536%2C1017&amp;ssl=1 1536w, https:\/\/i0.wp.com\/krsdigiarc.com\/wp-content\/uploads\/2023\/09\/KVARTER_3_TOMT_129_1920.jpg?resize=2048%2C1356&amp;ssl=1 2048w, https:\/\/i0.wp.com\/krsdigiarc.com\/wp-content\/uploads\/2023\/09\/KVARTER_3_TOMT_129_1920.jpg?resize=500%2C331&amp;ssl=1 500w, https:\/\/i0.wp.com\/krsdigiarc.com\/wp-content\/uploads\/2023\/09\/KVARTER_3_TOMT_129_1920.jpg?w=2880&amp;ssl=1 2880w, https:\/\/i0.wp.com\/krsdigiarc.com\/wp-content\/uploads\/2023\/09\/KVARTER_3_TOMT_129_1920.jpg?w=4320&amp;ssl=1 4320w\" sizes=\"auto, (max-width: 1024px) 100vw, 1024px\" \/><\/a><\/figure>\n","protected":false},"featured_media":19055,"parent":0,"menu_order":0,"template":"","street":[44],"class_list":["post-19060","building","type-building","status-publish","has-post-thumbnail","hentry","street-strandgatan-en","has-thumb"],"acf":[],"aioseo_notices":[],"jetpack_sharing_enabled":true,"_links":{"self":[{"href":"https:\/\/krsdigiarc.com\/en\/wp-json\/wp\/v2\/building\/19060","targetHints":{"allow":["GET"]}}],"collection":[{"href":"https:\/\/krsdigiarc.com\/en\/wp-json\/wp\/v2\/building"}],"about":[{"href":"https:\/\/krsdigiarc.com\/en\/wp-json\/wp\/v2\/types\/building"}],"version-history":[{"count":5,"href":"https:\/\/krsdigiarc.com\/en\/wp-json\/wp\/v2\/building\/19060\/revisions"}],"predecessor-version":[{"id":27580,"href":"https:\/\/krsdigiarc.com\/en\/wp-json\/wp\/v2\/building\/19060\/revisions\/27580"}],"wp:featuredmedia":[{"embeddable":true,"href":"https:\/\/krsdigiarc.com\/en\/wp-json\/wp\/v2\/media\/19055"}],"wp:attachment":[{"href":"https:\/\/krsdigiarc.com\/en\/wp-json\/wp\/v2\/media?parent=19060"}],"wp:term":[{"taxonomy":"street","embeddable":true,"href":"https:\/\/krsdigiarc.com\/en\/wp-json\/wp\/v2\/street?post=19060"}],"curies":[{"name":"wp","href":"https:\/\/api.w.org\/{rel}","templated":true}]}}